{"id":31311,"date":"2022-01-10T10:21:20","date_gmt":"2022-01-10T09:21:20","guid":{"rendered":"http:\/\/yogandlov.com\/?page_id=31311"},"modified":"2022-06-06T13:49:03","modified_gmt":"2022-06-06T11:49:03","slug":"ponte-de-lima-nord-du-portugal-2-2","status":"publish","type":"page","link":"http:\/\/yogandlov.com\/en\/ponte-de-lima-nord-du-portugal-2-2\/","title":{"rendered":"Portugal sept 2022"},"content":{"rendered":"<p class=\"has-text-align-center\" style=\"font-size:26px\"><strong><span style=\"color:#41bbef\" class=\"has-inline-color\">Ponte de Lima &#8211; nord du Portugal <\/span><\/strong><\/p>\n\n\n\n<p class=\"has-text-align-center\">Retraite de yoga \u00e0 Ponte de Lima &#8211; au nord du Portugal<\/p>\n\n\n\n<p class=\"has-text-align-center\"><strong><span style=\"color:#2aa1d5\" class=\"has-inline-color\">Du 18 au 24 septembre 2022<\/span><\/strong><\/p>\n\n\n\n<p class=\"has-text-align-center\"><span style=\"color:#731919\" class=\"has-inline-color\">( Compl\u00e8te)<\/span><\/p>\n\n\n\n<p class=\"has-text-align-center\"><strong><span style=\"color:#1093cb\" class=\"has-inline-color\"><a rel=\"noreferrer noopener\" href=\"http:\/\/yogandlov.com\/wp-content\/uploads\/2022\/01\/Formulaire-dinscription-Ponte-de-Lima-septembre-2022.pdf\" target=\"_blank\">Formulaire d\u2019inscription<\/a><\/span><\/strong> <\/p>\n\n\n\n<p class=\"has-text-align-center\">\u2764\ufe0e \u2764\ufe0e \u2764\ufe0e<\/p>\n\n\n\n<p class=\"has-text-align-center\">Prendre l&rsquo;air &#8211; le large. Se reconnecter \u00e0 soi &#8211; aux autres. R\u00e9-\u00e9tablir la confiance &#8211; la joie. <\/p>\n\n\n\n<p class=\"has-text-align-center\">Prendre soin de soi &#8211; se nourrir de beau &#8211; et le cr\u00e9er. <\/p>\n\n\n\n<p class=\"has-text-align-center\">\u2764\ufe0e \u2764\ufe0e \u2764\ufe0e<\/p>\n\n\n\n<div style=\"height:20px\" aria-hidden=\"true\" class=\"wp-block-spacer\"><\/div>\n\n\n\n<div class=\"wp-block-image\"><figure class=\"aligncenter size-large is-resized\"><img loading=\"lazy\" decoding=\"async\" src=\"http:\/\/yogandlov.com\/wp-content\/uploads\/2021\/05\/signal-2021-04-21-092322-1024x768.jpg\" alt=\"\" class=\"wp-image-30550\" width=\"841\" height=\"631\" srcset=\"https:\/\/yogandlov.com\/wp-content\/uploads\/2021\/05\/signal-2021-04-21-092322-1024x768.jpg 1024w, https:\/\/yogandlov.com\/wp-content\/uploads\/2021\/05\/signal-2021-04-21-092322-300x225.jpg 300w, https:\/\/yogandlov.com\/wp-content\/uploads\/2021\/05\/signal-2021-04-21-092322-768x576.jpg 768w, https:\/\/yogandlov.com\/wp-content\/uploads\/2021\/05\/signal-2021-04-21-092322-1536x1152.jpg 1536w, https:\/\/yogandlov.com\/wp-content\/uploads\/2021\/05\/signal-2021-04-21-092322.jpg 1600w\" sizes=\"auto, (max-width: 841px) 100vw, 841px\" \/><\/figure><\/div>\n\n\n\n<div style=\"height:14px\" aria-hidden=\"true\" class=\"wp-block-spacer\"><\/div>\n\n\n\n<p class=\"has-text-align-center\" style=\"font-size:22px\"><strong><span style=\"color:#0aa0df\" class=\"has-inline-color\">Le lieu <\/span><\/strong><\/p>\n\n\n\n<p class=\"has-text-align-center\">La retraite aura lieu dans une belle r\u00e9gion du nord du Portugal, dans une maison villageoise situ\u00e9e \u00e0 Gemieira, Ponte da Lima, sur une colline qui surplombe la rivi\u00e8re Lima. <\/p>\n\n\n\n<p class=\"has-text-align-center\">Trait d\u2019union entre l\u2019oc\u00e9an et le grand parc naturel Penada-Ger\u00eas.<\/p>\n\n\n\n<p class=\"has-text-align-center\">L\u2019int\u00e9r\u00eat du site r\u00e9side, en dehors de sa magnifique vue et des multitudes activit\u00e9s \u00e0 faire dans la r\u00e9gion, \u00e0 son \u00e9thique fond\u00e9e sur la permaculture, \u00e0 savoir&nbsp;: prendre soin de la Terre et des \u00eatres vivants. C\u2019est un projet qui a vu le jour tr\u00e8s r\u00e9cemment, 200 esp\u00e8ces de plantes ont \u00e9t\u00e9 sem\u00e9es pour une grande bio-diversit\u00e9.<\/p>\n\n\n\n<p class=\"has-text-align-center\">Mais le confort n\u2019est pas pour autant laiss\u00e9 pour compte, en plus d\u2019un bassin pour nager et se relaxer, le jardin compte plusieurs petites aires de d\u00e9tente. Possibilit\u00e9s de balades directement depuis la maison.<\/p>\n\n\n\n<p class=\"has-text-align-center\">\u2764\ufe0e \u2764\ufe0e \u2764\ufe0e<\/p>\n\n\n\n<p class=\"has-text-align-center\" style=\"font-size:22px\"><strong><span style=\"color:#0c99d5\" class=\"has-inline-color\">La retraite <\/span><\/strong><\/p>\n\n\n\n<p class=\"has-text-align-center\"><span style=\"color:#0c99d5\" class=\"has-inline-color\">Une semaine pour cr\u00e9er de l&rsquo;espace, dans nos vies, dans nos esprits, dans nos coeurs. Une semaine pour continuer \u00e0 apprendre \u00e0 nous conna\u00eetre.<\/span> <span style=\"color:#0c99d5\" class=\"has-inline-color\">Une semaine pour retourner \u00e0 l&rsquo;int\u00e9rieur de nous-m\u00eames, silence et immobilit\u00e9. Pour entendre la voix du coeur et s&rsquo;ancrer dans cette tranquillit\u00e9 profonde. <\/span><\/p>\n\n\n\n<p class=\"has-text-align-center\">La retraite d\u00e9butera le&nbsp;dimanche 18 septembre dans l\u2019apr\u00e8s-midi, et se terminera le samedi 24 apr\u00e8s le petit-d\u00e9jeuner. <\/p>\n\n\n\n<p class=\"has-text-align-center\">Voil\u00e0 une id\u00e9e de l&rsquo;horaire qui n&rsquo;est pas encore d\u00e9finitif. <\/p>\n\n\n\n<p class=\"has-text-align-center\">Dimanche 18 septembre: arriv\u00e9e autour des 15h, petite intro \u00e0 17h, repas du soir \u00e0 19h30. <\/p>\n\n\n\n<p class=\"has-text-align-center\">Lundi 19 &#8211; vendredi 23 septembre : d\u00e8s 6h30: th\u00e9, tisane et en-cas (fruits et noix) \/\/ 7h30: m\u00e9ditation \/\/ 8h &#8211; 10h30: pratique \/\/ 10h30 -12h: brunch sous forme de buffet \/\/ temps libre \/\/ 16h30 \u2013 18h30: cours, atelier (\u00e0 d\u00e9finir) \/\/ 19h30\u00a0: repas du soir<\/p>\n\n\n\n<p class=\"has-text-align-center\">Samedi 24 septembre : d\u00e8s 6h30: th\u00e9, tisane et en-cas \/\/ 8h \u2013 9h30: pratique \/\/ 9h30\u00a0: petit-d\u00e9jeuner \/\/ D\u00e9part jusqu\u2019\u00e0 11h.<\/p>\n\n\n\n<p class=\"has-text-align-center\" style=\"font-size:22px\"><strong><span style=\"color:#0d9fdd\" class=\"has-inline-color\">Les repas <\/span><\/strong><\/p>\n\n\n\n<p class=\"has-text-align-center\">Tous les repas seront vegan et pr\u00e9par\u00e9s par la cheffe vegan, Patrizia Alecrim: <a href=\"https:\/\/www.cozinhadealecrim.com\/\" target=\"_blank\" rel=\"noreferrer noopener\">https:\/\/www.cozinhadealecrim.com\/<\/a><\/p>\n\n\n\n<p class=\"has-text-align-center\">Instagram: <a href=\"https:\/\/www.instagram.com\/cozinhadealecrim\/\" target=\"_blank\" rel=\"noreferrer noopener\">cozinhadealecrim<\/a><\/p>\n\n\n\n<p class=\"has-text-align-center\">Facebook: <a rel=\"noreferrer noopener\" href=\"https:\/\/www.facebook.com\/cozinhadealecrim\" target=\"_blank\">https:\/\/www.facebook.com\/cozinhadealecrim<\/a><\/p>\n\n\n\n<p class=\"has-text-align-center\">D\u00e8s 6h30, th\u00e9, tisane et en-cas (fruits, noix)<\/p>\n\n\n\n<p class=\"has-text-align-center\">10h30 \u2013 12h00&nbsp;: brunch sous forme de buffet<\/p>\n\n\n\n<p class=\"has-text-align-center\">Apr\u00e8s-midi&nbsp;: en-cas<\/p>\n\n\n\n<p class=\"has-text-align-center\">19h30\u00a0: repas du soir<\/p>\n\n\n\n<p class=\"has-text-align-center\" style=\"font-size:22px\"><span style=\"color:#11a0dd\" class=\"has-inline-color\"><strong>Les chambres<\/strong><\/span><\/p>\n\n\n\n<p class=\"has-text-align-center\">Il y a cinq chambres. Toutes ont leur propre salle de bain, quatre avec salle de bain attenante, une avec salle de bain en face. <\/p>\n\n\n\n<p class=\"has-text-align-center\">Je commence par organiser les chambres ainsi, et en fonction des r\u00e9servations, je modifierai. <\/p>\n\n\n\n<p class=\"has-text-align-center\">2 chambres triples \/\/ 3 doubles <\/p>\n\n\n\n<p class=\"has-text-align-center\">(Tous les lits sont des lits simples qui peuvent \u00eatre s\u00e9par\u00e9s ou mis ensemble.)<\/p>\n\n\n\n<p class=\"has-text-align-center\">\u2764\ufe0e \u2764\ufe0e \u2764\ufe0e<\/p>\n\n\n\n<p class=\"has-text-align-center\" style=\"font-size:22px\"><span style=\"color:#0d8ec6\" class=\"has-inline-color\"><strong>Le prix <\/strong><\/span><\/p>\n\n\n\n<p class=\"has-text-align-center\">Le forfait logement\/nourriture et les cours de yoga se paient s\u00e9par\u00e9ment. <\/p>\n\n\n\n<p class=\"has-text-align-center\">Forfait logement, pension-compl\u00e8te par personne pour s\u00e9jour de 6 nuit\u00e9es services compris, hors cours: <\/p>\n\n\n\n<p class=\"has-text-align-center\">Chambre triple: 570 euros <\/p>\n\n\n\n<p class=\"has-text-align-center\">Chambre double&nbsp;:&nbsp;630 euros <\/p>\n\n\n\n<p class=\"has-text-align-center\">Chambre simple: 870 euros (si la retraite n&rsquo;est pas compl\u00e8te uniquement) <\/p>\n\n\n\n<p class=\"has-text-align-center\">\u2764\ufe0e<\/p>\n\n\n\n<p class=\"has-text-align-center\">Fourchette de prix yoga, \u00e0 payer en CHF \u00e0 Carole: entre CHF 250.- et 350.- <\/p>\n\n\n\n<p class=\"has-text-align-center\" style=\"font-size:12px\"><strong>Non compris dans le prix<\/strong>: Vos vols, le transfert depuis et vers l\u2019a\u00e9roport, l\u2019\u00e9ventuelle location de voiture, les activit\u00e9s en sus, assurances et d\u00e9penses personnelles. &nbsp;<\/p>\n\n\n\n<p class=\"has-text-align-center\" style=\"font-size:22px\"><strong><span style=\"color:#0e86ba\" class=\"has-inline-color\">Inscription et paiement<\/span><\/strong><\/p>\n\n\n\n<p class=\"has-text-align-center\">Je vous remercie de remplir <strong><a rel=\"noreferrer noopener\" href=\"http:\/\/yogandlov.com\/wp-content\/uploads\/2022\/01\/Formulaire-dinscription-Ponte-de-Lima-septembre-2022.pdf\" target=\"_blank\"><span style=\"color:#1093cb\" class=\"has-inline-color\">le formulaire d\u2019inscription<\/span><\/a><\/strong> et me le retourner par email \u00e0 <a href=\"mailto:carole@yogandlov.com\"><span style=\"color:#0e8abf\" class=\"has-inline-color\">carole@yogandlov.com<\/span><\/a><\/p>\n\n\n\n<p class=\"has-text-align-center\">300.- euros sont \u00e0 payer au moment de l\u2019inscription \u00e0 Gemieira, Ponte de Lima et font office d\u2019acompte.<\/p>\n\n\n\n<p class=\"has-text-align-center\">La partie yoga peut d\u00e9j\u00e0 \u00eatre pay\u00e9e au m\u00eame moment, ou \u00eatre pay\u00e9e par la suite.<\/p>\n\n\n\n<p class=\"has-text-align-center\">Autour du 10 ao\u00fbt, nous vous demandons la totalit\u00e9 du paiement&#8230;soit le solde du montant de la chambre et de la pension en euros \u00e0 Gemieira, Ponte de Lima, et le montant des cours en francs suisse \u00e0 Carole.<\/p>\n\n\n\n<p class=\"has-text-align-center\">A partir de ce moment-l\u00e0, votre acompte n\u2019est plus remboursable (euros&nbsp;: 300.-).<\/p>\n\n\n\n<p class=\"has-text-align-center\" style=\"font-size:22px\"><span style=\"color:#0789c1\" class=\"has-inline-color\"><strong>Conditions et annulations<\/strong><\/span><\/p>\n\n\n\n<p class=\"has-text-align-center\">La retraite sera donn\u00e9e avec un minimum de 6 participants, et au maximum 14. <\/p>\n\n\n\n<p class=\"has-text-align-center\">Comme susmentionn\u00e9, \u00e0 partir du 10 ao\u00fbt, date du paiement final, votre acompte de 300 euros ne sera pas rembours\u00e9. Sauf si, \u00e9videmment, des cas personnels de force majeure justifient cette annulation.<\/p>\n\n\n\n<p class=\"has-text-align-center\">Annulation en cas de mesures sanitaires&nbsp;: Si les raisons de votre annulation sont li\u00e9es \u00e0 de nouvelles mesures sanitaires impos\u00e9es par les pays (telles que fermetures des fronti\u00e8res, quarantaines, vaccin obligatoire pour voyager), nous vous rembourserons la totalit\u00e9 du paiement.<\/p>\n\n\n\n<p class=\"has-text-align-center\">En cas d\u2019annulation de la part des propri\u00e9taires ou de l\u2019enseignante de yoga la totalit\u00e9 de la somme vers\u00e9e sera rembours\u00e9e.<\/p>\n\n\n\n<p class=\"has-text-align-center\">\u2764\ufe0e \u2764\ufe0e \u2764\ufe0e<\/p>\n\n\n\n<p class=\"has-text-align-center\" style=\"font-size:22px\"><strong><span style=\"color:#108fc6\" class=\"has-inline-color\">Votre arriv\u00e9e<\/span><\/strong><\/p>\n\n\n\n<p class=\"has-text-align-center\">L\u2019a\u00e9roport le plus proche est celui de Porto. Il se trouve environ \u00e0 50 minutes de Ponte de Lima. Il existe des vols depuis Gen\u00e8ve, mais \u00e9galement depuis le petit a\u00e9roport de Dole dans le Jura fran\u00e7ais (avec Ryanair). <a href=\"https:\/\/www.dole.aeroport.fr\" target=\"_blank\" rel=\"noreferrer noopener\">https:\/\/www.dole.aeroport.fr<\/a><\/p>\n\n\n\n<p class=\"has-text-align-center\">Depuis Porto, il y a la possibilit\u00e9 d\u2019organiser un transfert en minibus pour ceux qui le souhaitent. Prix&nbsp;: 60 euros pour une personne. D\u00e8s 3 personnes 20 euros par personne. Merci de nous l\u2019annoncer \u00e0 l\u2019avance.<\/p>\n\n\n\n<p class=\"has-text-align-center\">Une voiture n\u2019est pas essentielle sur place, mais elle offre une petite libert\u00e9 en plus. Il serait cependant bien que chacun ne loue pas sa propre voiture et que vous puissiez co-voiturer si vos dates le permettent.<\/p>\n\n\n\n<p class=\"has-text-align-center\">Pour ceux et celles qui aimeraient prolonger leur s\u00e9jour de quelques jours, il y a la possibilit\u00e9 de continuer \u00e0 loger sur place. Prix sur demande.<\/p>\n\n\n\n<p class=\"has-text-align-center\" style=\"font-size:22px\"><strong><span style=\"color:#0d96d1\" class=\"has-inline-color\">Sant\u00e9<\/span><\/strong><\/p>\n\n\n\n<p class=\"has-text-align-center\">Nous souhaitons offrir une semaine de d\u00e9tente et de calme. Permettre une v\u00e9ritable d\u00e9connection de tout ce que l\u2019ann\u00e9e et demie pass\u00e9e nous a charg\u00e9 \u2013 pour une meilleure reconnexion \u00e0 soi, pour r\u00e9-\u00e9tablir la confiance et reposer \u00e0 nouveau dans le partage et la joie.&nbsp;Et \u00e9galement mettre en avant le fait de prendre soin de soi. De ce fait, nous veillerons \u00e0 ce que le lieu soit propre et sain. <\/p>\n\n\n\n<figure class=\"wp-block-gallery columns-3 is-cropped wp-block-gallery-1 is-layout-flex wp-block-gallery-is-layout-flex\"><ul class=\"blocks-gallery-grid\"><li class=\"blocks-gallery-item\"><figure><img loading=\"lazy\" decoding=\"async\" width=\"1024\" height=\"768\" src=\"http:\/\/yogandlov.com\/wp-content\/uploads\/2021\/07\/signal-2021-04-21-092649-1024x768.jpg\" alt=\"\" data-id=\"30785\" data-link=\"http:\/\/yogandlov.com\/ponte-de-lima-nord-du-portugal\/signal-2021-04-21-092649-2\/\" class=\"wp-image-30785\" srcset=\"https:\/\/yogandlov.com\/wp-content\/uploads\/2021\/07\/signal-2021-04-21-092649-1024x768.jpg 1024w, https:\/\/yogandlov.com\/wp-content\/uploads\/2021\/07\/signal-2021-04-21-092649-300x225.jpg 300w, https:\/\/yogandlov.com\/wp-content\/uploads\/2021\/07\/signal-2021-04-21-092649-768x576.jpg 768w, https:\/\/yogandlov.com\/wp-content\/uploads\/2021\/07\/signal-2021-04-21-092649-1536x1152.jpg 1536w, https:\/\/yogandlov.com\/wp-content\/uploads\/2021\/07\/signal-2021-04-21-092649.jpg 1600w\" sizes=\"auto, (max-width: 1024px) 100vw, 1024px\" \/><\/figure><\/li><li class=\"blocks-gallery-item\"><figure><img loading=\"lazy\" decoding=\"async\" width=\"768\" height=\"1024\" src=\"http:\/\/yogandlov.com\/wp-content\/uploads\/2021\/07\/signal-2021-05-09-212258-768x1024.jpg\" alt=\"\" data-id=\"30787\" data-link=\"http:\/\/yogandlov.com\/ponte-de-lima-nord-du-portugal\/signal-2021-05-09-212258-2\/\" class=\"wp-image-30787\" srcset=\"https:\/\/yogandlov.com\/wp-content\/uploads\/2021\/07\/signal-2021-05-09-212258-768x1024.jpg 768w, https:\/\/yogandlov.com\/wp-content\/uploads\/2021\/07\/signal-2021-05-09-212258-225x300.jpg 225w, https:\/\/yogandlov.com\/wp-content\/uploads\/2021\/07\/signal-2021-05-09-212258-1152x1536.jpg 1152w, https:\/\/yogandlov.com\/wp-content\/uploads\/2021\/07\/signal-2021-05-09-212258.jpg 1200w\" sizes=\"auto, (max-width: 768px) 100vw, 768px\" \/><\/figure><\/li><li class=\"blocks-gallery-item\"><figure><img loading=\"lazy\" decoding=\"async\" width=\"768\" height=\"1024\" src=\"http:\/\/yogandlov.com\/wp-content\/uploads\/2021\/07\/signal-2021-05-09-212503-768x1024.jpg\" alt=\"\" data-id=\"30788\" data-link=\"http:\/\/yogandlov.com\/ponte-de-lima-nord-du-portugal\/signal-2021-05-09-212503-2\/\" class=\"wp-image-30788\" srcset=\"https:\/\/yogandlov.com\/wp-content\/uploads\/2021\/07\/signal-2021-05-09-212503-768x1024.jpg 768w, https:\/\/yogandlov.com\/wp-content\/uploads\/2021\/07\/signal-2021-05-09-212503-225x300.jpg 225w, https:\/\/yogandlov.com\/wp-content\/uploads\/2021\/07\/signal-2021-05-09-212503-1152x1536.jpg 1152w, https:\/\/yogandlov.com\/wp-content\/uploads\/2021\/07\/signal-2021-05-09-212503.jpg 1200w\" sizes=\"auto, (max-width: 768px) 100vw, 768px\" \/><\/figure><\/li><li class=\"blocks-gallery-item\"><figure><img loading=\"lazy\" decoding=\"async\" width=\"1024\" height=\"768\" src=\"http:\/\/yogandlov.com\/wp-content\/uploads\/2021\/07\/signal-2021-07-29-222124-1024x768.jpg\" alt=\"\" data-id=\"30789\" data-link=\"http:\/\/yogandlov.com\/ponte-de-lima-nord-du-portugal\/signal-2021-07-29-222124\/\" class=\"wp-image-30789\" srcset=\"https:\/\/yogandlov.com\/wp-content\/uploads\/2021\/07\/signal-2021-07-29-222124-1024x768.jpg 1024w, https:\/\/yogandlov.com\/wp-content\/uploads\/2021\/07\/signal-2021-07-29-222124-300x225.jpg 300w, https:\/\/yogandlov.com\/wp-content\/uploads\/2021\/07\/signal-2021-07-29-222124-768x576.jpg 768w, https:\/\/yogandlov.com\/wp-content\/uploads\/2021\/07\/signal-2021-07-29-222124-1536x1152.jpg 1536w, https:\/\/yogandlov.com\/wp-content\/uploads\/2021\/07\/signal-2021-07-29-222124.jpg 2048w\" sizes=\"auto, (max-width: 1024px) 100vw, 1024px\" \/><\/figure><\/li><li class=\"blocks-gallery-item\"><figure><img loading=\"lazy\" decoding=\"async\" width=\"768\" height=\"1024\" src=\"http:\/\/yogandlov.com\/wp-content\/uploads\/2021\/07\/signal-2021-07-29-222124-2-768x1024.jpg\" alt=\"\" data-id=\"30790\" data-link=\"http:\/\/yogandlov.com\/ponte-de-lima-nord-du-portugal\/signal-2021-07-29-222124-2\/\" class=\"wp-image-30790\" srcset=\"https:\/\/yogandlov.com\/wp-content\/uploads\/2021\/07\/signal-2021-07-29-222124-2-768x1024.jpg 768w, https:\/\/yogandlov.com\/wp-content\/uploads\/2021\/07\/signal-2021-07-29-222124-2-225x300.jpg 225w, https:\/\/yogandlov.com\/wp-content\/uploads\/2021\/07\/signal-2021-07-29-222124-2-1152x1536.jpg 1152w, https:\/\/yogandlov.com\/wp-content\/uploads\/2021\/07\/signal-2021-07-29-222124-2.jpg 1536w\" sizes=\"auto, (max-width: 768px) 100vw, 768px\" \/><\/figure><\/li><li class=\"blocks-gallery-item\"><figure><img loading=\"lazy\" decoding=\"async\" width=\"1024\" height=\"768\" src=\"http:\/\/yogandlov.com\/wp-content\/uploads\/2021\/07\/signal-2021-07-29-222124-1-1024x768.jpg\" alt=\"\" data-id=\"30791\" data-link=\"http:\/\/yogandlov.com\/ponte-de-lima-nord-du-portugal\/signal-2021-07-29-222124-1\/\" class=\"wp-image-30791\" srcset=\"https:\/\/yogandlov.com\/wp-content\/uploads\/2021\/07\/signal-2021-07-29-222124-1-1024x768.jpg 1024w, https:\/\/yogandlov.com\/wp-content\/uploads\/2021\/07\/signal-2021-07-29-222124-1-300x225.jpg 300w, https:\/\/yogandlov.com\/wp-content\/uploads\/2021\/07\/signal-2021-07-29-222124-1-768x576.jpg 768w, https:\/\/yogandlov.com\/wp-content\/uploads\/2021\/07\/signal-2021-07-29-222124-1-1536x1152.jpg 1536w, https:\/\/yogandlov.com\/wp-content\/uploads\/2021\/07\/signal-2021-07-29-222124-1.jpg 2048w\" sizes=\"auto, (max-width: 1024px) 100vw, 1024px\" \/><\/figure><\/li><li class=\"blocks-gallery-item\"><figure><img loading=\"lazy\" decoding=\"async\" width=\"1024\" height=\"768\" src=\"http:\/\/yogandlov.com\/wp-content\/uploads\/2021\/07\/signal-2021-05-09-212629.jpg\" alt=\"\" data-id=\"30792\" data-link=\"http:\/\/yogandlov.com\/ponte-de-lima-nord-du-portugal\/signal-2021-05-09-212629\/\" class=\"wp-image-30792\" srcset=\"https:\/\/yogandlov.com\/wp-content\/uploads\/2021\/07\/signal-2021-05-09-212629.jpg 1024w, https:\/\/yogandlov.com\/wp-content\/uploads\/2021\/07\/signal-2021-05-09-212629-300x225.jpg 300w, https:\/\/yogandlov.com\/wp-content\/uploads\/2021\/07\/signal-2021-05-09-212629-768x576.jpg 768w\" sizes=\"auto, (max-width: 1024px) 100vw, 1024px\" \/><\/figure><\/li><li class=\"blocks-gallery-item\"><figure><img loading=\"lazy\" decoding=\"async\" width=\"1024\" height=\"768\" src=\"http:\/\/yogandlov.com\/wp-content\/uploads\/2021\/07\/signal-2021-05-09-210840.jpg\" alt=\"\" data-id=\"30793\" data-full-url=\"http:\/\/yogandlov.com\/wp-content\/uploads\/2021\/07\/signal-2021-05-09-210840.jpg\" data-link=\"http:\/\/yogandlov.com\/ponte-de-lima-nord-du-portugal\/signal-2021-05-09-210840\/\" class=\"wp-image-30793\" srcset=\"https:\/\/yogandlov.com\/wp-content\/uploads\/2021\/07\/signal-2021-05-09-210840.jpg 1024w, https:\/\/yogandlov.com\/wp-content\/uploads\/2021\/07\/signal-2021-05-09-210840-300x225.jpg 300w, https:\/\/yogandlov.com\/wp-content\/uploads\/2021\/07\/signal-2021-05-09-210840-768x576.jpg 768w\" sizes=\"auto, (max-width: 1024px) 100vw, 1024px\" \/><\/figure><\/li><\/ul><\/figure>\n\n\n\n<p class=\"has-text-align-center\" style=\"font-size:22px\"><strong><span style=\"color:#0e97d2\" class=\"has-inline-color\">Activit\u00e9s possibles autour du yoga<\/span><\/strong><\/p>\n\n\n\n<p class=\"has-text-align-center\">Quelques-unes des activit\u00e9s que la r\u00e9gion offre&nbsp;:<\/p>\n\n\n\n<p class=\"has-text-align-center\">\u00b0 Repos, l\u2019art de ne rien faire, contempler et r\u00eaver, se baigner&nbsp;\ud83d\ude09<\/p>\n\n\n\n<p class=\"has-text-align-center\">\u00b0 Paddle sur la rivi\u00e8re (pas besoin de voiture pour s\u2019y rendre \/\/ prix sur place).<\/p>\n\n\n\n<p class=\"has-text-align-center\">\u00b0 Kayak sur la rivi\u00e8re (pas besoin de voiture pour s\u2019y rendre \/\/ prix sur place).<\/p>\n\n\n\n<p class=\"has-text-align-center\">\u00b0 Randonn\u00e9es dans une nature luxuriante. Avec l\u2019Ecovia qui passe proche de la maison et qui va de l\u2019oc\u00e9an au parc national de Peneda-Ger\u00eas \u2013 environ 50km de chemins de randonn\u00e9e ou de VTT.<\/p>\n\n\n\n<p class=\"has-text-align-center\">\u00b0 L\u2019oc\u00e9an \u00e0 20 minutes de voiture.<\/p>\n\n\n\n<p class=\"has-text-align-center\">\u00b0 D\u00e9couverte de vieilles villes charmantes, telles que Braga (\u00e0 20\u2019 de voiture), ou Guimar\u00e3es (\u00e0 30\u2019 de voiture).<\/p>\n\n\n\n<p class=\"has-text-align-center\">\u00b0 Cours de surf, si le temps (m\u00e9t\u00e9o et espace dans la journ\u00e9e) le permet.<\/p>\n\n\n\n<p class=\"has-text-align-center\">Sur place, possibilit\u00e9 d\u2019organiser&nbsp;:<\/p>\n\n\n\n<p class=\"has-text-align-center\">\u00b0 Cours de cuisine vegan (25 euros \/ pers pour 3 heures \/\/ minimum 4 personnes)<\/p>\n\n\n\n<p class=\"has-text-align-center\">\u00b0 Ateliers confection de savon, de produits de nettoyage naturels (25 euros \/ pers pour 3 heures\/\/ minimum 4 pers).<\/p>\n\n\n\n<p class=\"has-text-align-center\">\u00b0 Initiation \u00e0 la permaculture, prix sur demande<\/p>\n\n\n\n<p class=\"has-text-align-center\">Activit\u00e9s&nbsp;: il serait bien de savoir s\u2019il y a un int\u00e9r\u00eat pour certaines des activit\u00e9s qui n\u00e9cessitent un peu plus d\u2019anticipation et pour lesquelles un minimum pourrait s\u2019appliquer.<\/p>\n\n\n\n<p class=\"has-text-align-center\">\u2764\ufe0e \u2764\ufe0e \u2764\ufe0e<\/p>\n\n\n\n<p class=\"has-text-align-center\"><span style=\"color:#1197d0\" class=\"has-inline-color\"><strong>Viens trouver le silence et l&rsquo;immobilit\u00e9, et puis un jour, tout devient si simple. <\/strong><\/span><\/p>\n\n\n\n<p class=\"has-text-align-center\">PAIX \u2764\ufe0e JOIE \u2764\ufe0e AMOUR<\/p>","protected":false},"excerpt":{"rendered":"<p>Ponte de Lima &#8211; nord du Portugal Retraite de yoga \u00e0 Ponte de Lima &#8211; au nord du Portugal Du 18 au 24 septembre 2022 ( Compl\u00e8te) Formulaire d\u2019inscription \u2764\ufe0e \u2764\ufe0e \u2764\ufe0e Prendre l&rsquo;air &#8211; le large. Se reconnecter \u00e0 soi &#8211; aux autres. R\u00e9-\u00e9tablir la confiance &#8211; la joie. Prendre soin de soi &#8211; [&hellip;]<\/p>\n","protected":false},"author":1,"featured_media":0,"parent":0,"menu_order":0,"comment_status":"closed","ping_status":"closed","template":"","meta":{"footnotes":""},"class_list":["post-31311","page","type-page","status-publish","hentry"],"_links":{"self":[{"href":"http:\/\/yogandlov.com\/en\/wp-json\/wp\/v2\/pages\/31311","targetHints":{"allow":["GET"]}}],"collection":[{"href":"http:\/\/yogandlov.com\/en\/wp-json\/wp\/v2\/pages"}],"about":[{"href":"http:\/\/yogandlov.com\/en\/wp-json\/wp\/v2\/types\/page"}],"author":[{"embeddable":true,"href":"http:\/\/yogandlov.com\/en\/wp-json\/wp\/v2\/users\/1"}],"replies":[{"embeddable":true,"href":"http:\/\/yogandlov.com\/en\/wp-json\/wp\/v2\/comments?post=31311"}],"version-history":[{"count":15,"href":"http:\/\/yogandlov.com\/en\/wp-json\/wp\/v2\/pages\/31311\/revisions"}],"predecessor-version":[{"id":32080,"href":"http:\/\/yogandlov.com\/en\/wp-json\/wp\/v2\/pages\/31311\/revisions\/32080"}],"wp:attachment":[{"href":"http:\/\/yogandlov.com\/en\/wp-json\/wp\/v2\/media?parent=31311"}],"curies":[{"name":"wp","href":"https:\/\/api.w.org\/{rel}","templated":true}]}}